{"id":1847,"date":"2025-06-24T17:11:25","date_gmt":"2025-06-24T17:11:25","guid":{"rendered":"https:\/\/peterkammermann.ch\/news\/"},"modified":"2026-01-26T14:55:54","modified_gmt":"2026-01-26T14:55:54","slug":"news","status":"publish","type":"page","link":"https:\/\/peterkammermann.ch\/en\/news\/","title":{"rendered":"News"},"content":{"rendered":"<div id='av-layout-grid-1'  class='av-layout-grid-container av-e0pn3-82c9bcd2c3aafd0db5868e7baac56a7f entry-content-wrapper main_color av-flex-cells  avia-builder-el-0  avia-builder-el-no-sibling  av-cell-min-height av-cell-min-height-75  container_wrap fullsize'   data-av_minimum_height_pc='75'>\n<div class='flex_cell av-7fq07-6f7b21822e23d5d23a592f762122b69b av-gridrow-cell av_one_full no_margin  avia-builder-el-1  avia-builder-el-no-sibling '  ><div class='flex_cell_inner'><p><div  data-slideshow-options=\"{&quot;animation&quot;:&quot;fade&quot;,&quot;autoplay&quot;:false,&quot;loop_autoplay&quot;:&quot;once&quot;,&quot;interval&quot;:5,&quot;loop_manual&quot;:&quot;manual-endless&quot;,&quot;autoplay_stopper&quot;:false,&quot;noNavigation&quot;:false,&quot;show_slide_delay&quot;:90}\" class='avia-content-slider avia-content-grid-active avia-content-slider1 avia-content-slider-even  avia-builder-el-2  el_before_av_hr  avia-builder-el-first  av-slideshow-ui av-control-default   av-no-slider-navigation av-slideshow-manual av-loop-once av-loop-manual-endless '  itemscope=\"itemscope\" itemtype=\"https:\/\/schema.org\/Blog\" ><div class=\"avia-content-slider-inner\"><div class=\"slide-entry-wrap\"><article class='slide-entry flex_column  post-entry post-entry-2125 slide-entry-overview slide-loop-1 slide-parity-odd  av_one_fourth first real-thumbnail posttype-post post-format-standard'  itemscope=\"itemscope\" itemtype=\"https:\/\/schema.org\/CreativeWork\" ><a href='https:\/\/peterkammermann.ch\/en\/exhibition-7\/' data-rel='slide-1' class='slide-image' title='Exhibition'><img decoding=\"async\" loading=\"lazy\" width=\"1030\" height=\"1030\" src=\"https:\/\/peterkammermann.ch\/wp-content\/uploads\/2025\/08\/exposition-fabrice-schaefer-bijoutier-dinandier-chez-peter-kammermann-geneve-1030x1030.jpg\" class=\"wp-image-2124 avia-img-lazy-loading-2124 attachment-large size-large wp-post-image\" alt=\"exhibition-monts-et-merveilles-fabrice-schaefer-peter-kammermann-gallery-geneva\" srcset=\"https:\/\/peterkammermann.ch\/wp-content\/uploads\/2025\/08\/exposition-fabrice-schaefer-bijoutier-dinandier-chez-peter-kammermann-geneve-1030x1030.jpg 1030w, https:\/\/peterkammermann.ch\/wp-content\/uploads\/2025\/08\/exposition-fabrice-schaefer-bijoutier-dinandier-chez-peter-kammermann-geneve-300x300.jpg 300w, https:\/\/peterkammermann.ch\/wp-content\/uploads\/2025\/08\/exposition-fabrice-schaefer-bijoutier-dinandier-chez-peter-kammermann-geneve-80x80.jpg 80w, https:\/\/peterkammermann.ch\/wp-content\/uploads\/2025\/08\/exposition-fabrice-schaefer-bijoutier-dinandier-chez-peter-kammermann-geneve-768x768.jpg 768w, https:\/\/peterkammermann.ch\/wp-content\/uploads\/2025\/08\/exposition-fabrice-schaefer-bijoutier-dinandier-chez-peter-kammermann-geneve-36x36.jpg 36w, https:\/\/peterkammermann.ch\/wp-content\/uploads\/2025\/08\/exposition-fabrice-schaefer-bijoutier-dinandier-chez-peter-kammermann-geneve-180x180.jpg 180w, https:\/\/peterkammermann.ch\/wp-content\/uploads\/2025\/08\/exposition-fabrice-schaefer-bijoutier-dinandier-chez-peter-kammermann-geneve-705x705.jpg 705w, https:\/\/peterkammermann.ch\/wp-content\/uploads\/2025\/08\/exposition-fabrice-schaefer-bijoutier-dinandier-chez-peter-kammermann-geneve.jpg 1250w\" sizes=\"auto, (max-width: 1030px) 100vw, 1030px\" \/><\/a><div class=\"slide-content\"><header class=\"entry-content-header\" aria-label=\"Slide: Exhibition\"><h3 class='slide-entry-title entry-title '  itemprop=\"headline\" ><a href='https:\/\/peterkammermann.ch\/en\/exhibition-7\/' title='Exhibition'>Exhibition<\/a><\/h3><span class=\"av-vertical-delimiter\"><\/span><\/header><div class=\"slide-meta\"><time class='slide-meta-time updated'  itemprop=\"datePublished\" datetime=\"2025-08-15T14:37:26+00:00\" >August 15, 2025<\/time><div class=\"slide-meta-del\">\/<\/div><div class=\"slide-meta-comments\"><a href='https:\/\/peterkammermann.ch\/en\/exhibition-7\/#respond'>0 Comments<\/a><\/div><\/div><div class='slide-entry-excerpt entry-content'  itemprop=\"text\" >Fabrice Schaefer - Geneva Art Week<\/div><\/div><footer class=\"entry-footer\"><\/footer><span class='hidden'>\n\t\t\t\t<span class='av-structured-data'  itemprop=\"image\" itemscope=\"itemscope\" itemtype=\"https:\/\/schema.org\/ImageObject\" >\n\t\t\t\t\t\t<span itemprop='url'>https:\/\/peterkammermann.ch\/wp-content\/uploads\/2025\/08\/exposition-fabrice-schaefer-bijoutier-dinandier-chez-peter-kammermann-geneve.jpg<\/span>\n\t\t\t\t\t\t<span itemprop='height'>1250<\/span>\n\t\t\t\t\t\t<span itemprop='width'>1250<\/span>\n\t\t\t\t<\/span>\n\t\t\t\t<span class='av-structured-data'  itemprop=\"publisher\" itemtype=\"https:\/\/schema.org\/Organization\" itemscope=\"itemscope\" >\n\t\t\t\t\t\t<span itemprop='name'>Sophie<\/span>\n\t\t\t\t\t\t<span itemprop='logo' itemscope itemtype='https:\/\/schema.org\/ImageObject'>\n\t\t\t\t\t\t\t<span itemprop='url'>https:\/\/peterkammermann.ch\/wp-content\/uploads\/2025\/08\/bureau-etude-peter-kammermann-architecte-decorateur-interieur-geneve-carouge.png<\/span>\n\t\t\t\t\t\t<\/span>\n\t\t\t\t<\/span><span class='av-structured-data'  itemprop=\"author\" itemscope=\"itemscope\" itemtype=\"https:\/\/schema.org\/Person\" ><span itemprop='name'>Sophie<\/span><\/span><span class='av-structured-data'  itemprop=\"datePublished\" datetime=\"2025-06-24T17:11:25+00:00\" >2025-08-15 14:37:26<\/span><span class='av-structured-data'  itemprop=\"dateModified\" itemtype=\"https:\/\/schema.org\/dateModified\" >2026-01-29 11:01:31<\/span><span class='av-structured-data'  itemprop=\"mainEntityOfPage\" itemtype=\"https:\/\/schema.org\/mainEntityOfPage\" ><span itemprop='name'>Exhibition<\/span><\/span><\/span><\/article><article class='slide-entry flex_column  post-entry post-entry-2116 slide-entry-overview slide-loop-2 slide-parity-even  av_one_fourth  real-thumbnail posttype-post post-format-standard'  itemscope=\"itemscope\" itemtype=\"https:\/\/schema.org\/CreativeWork\" ><a href='https:\/\/peterkammermann.ch\/en\/demonstration\/' data-rel='slide-1' class='slide-image' title='Demonstration'><img decoding=\"async\" loading=\"lazy\" width=\"1030\" height=\"1030\" src=\"https:\/\/peterkammermann.ch\/wp-content\/uploads\/2025\/03\/peter-kammermann-jema-mars2025-1030x1030.jpg\" class=\"wp-image-2115 avia-img-lazy-loading-2115 attachment-large size-large wp-post-image\" alt=\"peter-kammermann-jema-mars2025\" srcset=\"https:\/\/peterkammermann.ch\/wp-content\/uploads\/2025\/03\/peter-kammermann-jema-mars2025-1030x1030.jpg 1030w, https:\/\/peterkammermann.ch\/wp-content\/uploads\/2025\/03\/peter-kammermann-jema-mars2025-300x300.jpg 300w, https:\/\/peterkammermann.ch\/wp-content\/uploads\/2025\/03\/peter-kammermann-jema-mars2025-80x80.jpg 80w, https:\/\/peterkammermann.ch\/wp-content\/uploads\/2025\/03\/peter-kammermann-jema-mars2025-768x768.jpg 768w, https:\/\/peterkammermann.ch\/wp-content\/uploads\/2025\/03\/peter-kammermann-jema-mars2025-36x36.jpg 36w, https:\/\/peterkammermann.ch\/wp-content\/uploads\/2025\/03\/peter-kammermann-jema-mars2025-180x180.jpg 180w, https:\/\/peterkammermann.ch\/wp-content\/uploads\/2025\/03\/peter-kammermann-jema-mars2025-705x705.jpg 705w, https:\/\/peterkammermann.ch\/wp-content\/uploads\/2025\/03\/peter-kammermann-jema-mars2025.jpg 1250w\" sizes=\"auto, (max-width: 1030px) 100vw, 1030px\" \/><\/a><div class=\"slide-content\"><header class=\"entry-content-header\" aria-label=\"Slide: Demonstration\"><h3 class='slide-entry-title entry-title '  itemprop=\"headline\" ><a href='https:\/\/peterkammermann.ch\/en\/demonstration\/' title='Demonstration'>Demonstration<\/a><\/h3><span class=\"av-vertical-delimiter\"><\/span><\/header><div class=\"slide-meta\"><time class='slide-meta-time updated'  itemprop=\"datePublished\" datetime=\"2025-03-28T17:45:18+00:00\" >March 28, 2025<\/time><div class=\"slide-meta-del\">\/<\/div><div class=\"slide-meta-comments\"><a href='https:\/\/peterkammermann.ch\/en\/demonstration\/#respond'>0 Comments<\/a><\/div><\/div><div class='slide-entry-excerpt entry-content'  itemprop=\"text\" >Les journ\u00e9es europ\u00e9ennes des m\u00e9tiers d'art 2025<\/div><\/div><footer class=\"entry-footer\"><\/footer><span class='hidden'>\n\t\t\t\t<span class='av-structured-data'  itemprop=\"image\" itemscope=\"itemscope\" itemtype=\"https:\/\/schema.org\/ImageObject\" >\n\t\t\t\t\t\t<span itemprop='url'>https:\/\/peterkammermann.ch\/wp-content\/uploads\/2025\/03\/peter-kammermann-jema-mars2025.jpg<\/span>\n\t\t\t\t\t\t<span itemprop='height'>1250<\/span>\n\t\t\t\t\t\t<span itemprop='width'>1250<\/span>\n\t\t\t\t<\/span>\n\t\t\t\t<span class='av-structured-data'  itemprop=\"publisher\" itemtype=\"https:\/\/schema.org\/Organization\" itemscope=\"itemscope\" >\n\t\t\t\t\t\t<span itemprop='name'>Sophie<\/span>\n\t\t\t\t\t\t<span itemprop='logo' itemscope itemtype='https:\/\/schema.org\/ImageObject'>\n\t\t\t\t\t\t\t<span itemprop='url'>https:\/\/peterkammermann.ch\/wp-content\/uploads\/2025\/08\/bureau-etude-peter-kammermann-architecte-decorateur-interieur-geneve-carouge.png<\/span>\n\t\t\t\t\t\t<\/span>\n\t\t\t\t<\/span><span class='av-structured-data'  itemprop=\"author\" itemscope=\"itemscope\" itemtype=\"https:\/\/schema.org\/Person\" ><span itemprop='name'>Sophie<\/span><\/span><span class='av-structured-data'  itemprop=\"datePublished\" datetime=\"2025-06-24T17:11:25+00:00\" >2025-03-28 17:45:18<\/span><span class='av-structured-data'  itemprop=\"dateModified\" itemtype=\"https:\/\/schema.org\/dateModified\" >2026-01-28 11:47:43<\/span><span class='av-structured-data'  itemprop=\"mainEntityOfPage\" itemtype=\"https:\/\/schema.org\/mainEntityOfPage\" ><span itemprop='name'>Demonstration<\/span><\/span><\/span><\/article><article class='slide-entry flex_column  post-entry post-entry-2037 slide-entry-overview slide-loop-3 slide-parity-odd  av_one_fourth  real-thumbnail posttype-post post-format-standard'  itemscope=\"itemscope\" itemtype=\"https:\/\/schema.org\/CreativeWork\" ><a href='https:\/\/peterkammermann.ch\/en\/exhibition\/' data-rel='slide-1' class='slide-image' title='Exhibition'><img decoding=\"async\" loading=\"lazy\" width=\"1030\" height=\"1030\" src=\"https:\/\/peterkammermann.ch\/wp-content\/uploads\/2025\/06\/rejean-peytavin-exposition-eramique-2024-peter-kammermann-geneve-1030x1030.jpg\" class=\"wp-image-2036 avia-img-lazy-loading-2036 attachment-large size-large wp-post-image\" alt=\"rejean-peytavin-exhibition-ceramic-2024-peter-kammermann-geneva-carouge\" srcset=\"https:\/\/peterkammermann.ch\/wp-content\/uploads\/2025\/06\/rejean-peytavin-exposition-eramique-2024-peter-kammermann-geneve-1030x1030.jpg 1030w, https:\/\/peterkammermann.ch\/wp-content\/uploads\/2025\/06\/rejean-peytavin-exposition-eramique-2024-peter-kammermann-geneve-300x300.jpg 300w, https:\/\/peterkammermann.ch\/wp-content\/uploads\/2025\/06\/rejean-peytavin-exposition-eramique-2024-peter-kammermann-geneve-80x80.jpg 80w, https:\/\/peterkammermann.ch\/wp-content\/uploads\/2025\/06\/rejean-peytavin-exposition-eramique-2024-peter-kammermann-geneve-768x768.jpg 768w, https:\/\/peterkammermann.ch\/wp-content\/uploads\/2025\/06\/rejean-peytavin-exposition-eramique-2024-peter-kammermann-geneve-36x36.jpg 36w, https:\/\/peterkammermann.ch\/wp-content\/uploads\/2025\/06\/rejean-peytavin-exposition-eramique-2024-peter-kammermann-geneve-180x180.jpg 180w, https:\/\/peterkammermann.ch\/wp-content\/uploads\/2025\/06\/rejean-peytavin-exposition-eramique-2024-peter-kammermann-geneve-705x705.jpg 705w, https:\/\/peterkammermann.ch\/wp-content\/uploads\/2025\/06\/rejean-peytavin-exposition-eramique-2024-peter-kammermann-geneve.jpg 1250w\" sizes=\"auto, (max-width: 1030px) 100vw, 1030px\" \/><\/a><div class=\"slide-content\"><header class=\"entry-content-header\" aria-label=\"Slide: Exhibition\"><h3 class='slide-entry-title entry-title '  itemprop=\"headline\" ><a href='https:\/\/peterkammermann.ch\/en\/exhibition\/' title='Exhibition'>Exhibition<\/a><\/h3><span class=\"av-vertical-delimiter\"><\/span><\/header><div class=\"slide-meta\"><time class='slide-meta-time updated'  itemprop=\"datePublished\" datetime=\"2024-09-14T17:49:24+00:00\" >September 14, 2024<\/time><div class=\"slide-meta-del\">\/<\/div><div class=\"slide-meta-comments\"><a href='https:\/\/peterkammermann.ch\/en\/exhibition\/#respond'>0 Comments<\/a><\/div><\/div><div class='slide-entry-excerpt entry-content'  itemprop=\"text\" >R\u00e9jean Paytavin - 18th Parcours C\u00e9ramique Carougeois<\/div><\/div><footer class=\"entry-footer\"><\/footer><span class='hidden'>\n\t\t\t\t<span class='av-structured-data'  itemprop=\"image\" itemscope=\"itemscope\" itemtype=\"https:\/\/schema.org\/ImageObject\" >\n\t\t\t\t\t\t<span itemprop='url'>https:\/\/peterkammermann.ch\/wp-content\/uploads\/2025\/06\/rejean-peytavin-exposition-eramique-2024-peter-kammermann-geneve.jpg<\/span>\n\t\t\t\t\t\t<span itemprop='height'>1250<\/span>\n\t\t\t\t\t\t<span itemprop='width'>1250<\/span>\n\t\t\t\t<\/span>\n\t\t\t\t<span class='av-structured-data'  itemprop=\"publisher\" itemtype=\"https:\/\/schema.org\/Organization\" itemscope=\"itemscope\" >\n\t\t\t\t\t\t<span itemprop='name'>Sophie<\/span>\n\t\t\t\t\t\t<span itemprop='logo' itemscope itemtype='https:\/\/schema.org\/ImageObject'>\n\t\t\t\t\t\t\t<span itemprop='url'>https:\/\/peterkammermann.ch\/wp-content\/uploads\/2025\/08\/bureau-etude-peter-kammermann-architecte-decorateur-interieur-geneve-carouge.png<\/span>\n\t\t\t\t\t\t<\/span>\n\t\t\t\t<\/span><span class='av-structured-data'  itemprop=\"author\" itemscope=\"itemscope\" itemtype=\"https:\/\/schema.org\/Person\" ><span itemprop='name'>Sophie<\/span><\/span><span class='av-structured-data'  itemprop=\"datePublished\" datetime=\"2025-06-24T17:11:25+00:00\" >2024-09-14 17:49:24<\/span><span class='av-structured-data'  itemprop=\"dateModified\" itemtype=\"https:\/\/schema.org\/dateModified\" >2026-01-29 11:07:53<\/span><span class='av-structured-data'  itemprop=\"mainEntityOfPage\" itemtype=\"https:\/\/schema.org\/mainEntityOfPage\" ><span itemprop='name'>Exhibition<\/span><\/span><\/span><\/article><article class='slide-entry flex_column  post-entry post-entry-2048 slide-entry-overview slide-loop-4 slide-parity-even  av_one_fourth  real-thumbnail posttype-post post-format-standard'  itemscope=\"itemscope\" itemtype=\"https:\/\/schema.org\/CreativeWork\" ><a href='https:\/\/peterkammermann.ch\/en\/exhibition-2\/' data-rel='slide-1' class='slide-image' title='Exhibition'><img decoding=\"async\" loading=\"lazy\" width=\"800\" height=\"800\" src=\"https:\/\/peterkammermann.ch\/wp-content\/uploads\/2025\/06\/exposition-matsui-ceramiques-bedat-textile-art-peter-kammermann.jpg\" class=\"wp-image-2044 avia-img-lazy-loading-2044 attachment-large size-large wp-post-image\" alt=\"exposition-matsui-ceramiques-bedat-textile-art-peter-kammermann\" srcset=\"https:\/\/peterkammermann.ch\/wp-content\/uploads\/2025\/06\/exposition-matsui-ceramiques-bedat-textile-art-peter-kammermann.jpg 800w, https:\/\/peterkammermann.ch\/wp-content\/uploads\/2025\/06\/exposition-matsui-ceramiques-bedat-textile-art-peter-kammermann-300x300.jpg 300w, https:\/\/peterkammermann.ch\/wp-content\/uploads\/2025\/06\/exposition-matsui-ceramiques-bedat-textile-art-peter-kammermann-80x80.jpg 80w, https:\/\/peterkammermann.ch\/wp-content\/uploads\/2025\/06\/exposition-matsui-ceramiques-bedat-textile-art-peter-kammermann-768x768.jpg 768w, https:\/\/peterkammermann.ch\/wp-content\/uploads\/2025\/06\/exposition-matsui-ceramiques-bedat-textile-art-peter-kammermann-36x36.jpg 36w, https:\/\/peterkammermann.ch\/wp-content\/uploads\/2025\/06\/exposition-matsui-ceramiques-bedat-textile-art-peter-kammermann-180x180.jpg 180w, https:\/\/peterkammermann.ch\/wp-content\/uploads\/2025\/06\/exposition-matsui-ceramiques-bedat-textile-art-peter-kammermann-705x705.jpg 705w\" sizes=\"auto, (max-width: 800px) 100vw, 800px\" \/><\/a><div class=\"slide-content\"><header class=\"entry-content-header\" aria-label=\"Slide: Exhibition\"><h3 class='slide-entry-title entry-title '  itemprop=\"headline\" ><a href='https:\/\/peterkammermann.ch\/en\/exhibition-2\/' title='Exhibition'>Exhibition<\/a><\/h3><span class=\"av-vertical-delimiter\"><\/span><\/header><div class=\"slide-meta\"><time class='slide-meta-time updated'  itemprop=\"datePublished\" datetime=\"2024-03-03T17:52:41+00:00\" >March 3, 2024<\/time><div class=\"slide-meta-del\">\/<\/div><div class=\"slide-meta-comments\"><a href='https:\/\/peterkammermann.ch\/en\/exhibition-2\/#respond'>0 Comments<\/a><\/div><\/div><div class='slide-entry-excerpt entry-content'  itemprop=\"text\" >St\u00e9phanie B\u00e9dat, textile installation - Toshio Matsui, ceramics<\/div><\/div><footer class=\"entry-footer\"><\/footer><span class='hidden'>\n\t\t\t\t<span class='av-structured-data'  itemprop=\"image\" itemscope=\"itemscope\" itemtype=\"https:\/\/schema.org\/ImageObject\" >\n\t\t\t\t\t\t<span itemprop='url'>https:\/\/peterkammermann.ch\/wp-content\/uploads\/2025\/06\/exposition-matsui-ceramiques-bedat-textile-art-peter-kammermann.jpg<\/span>\n\t\t\t\t\t\t<span itemprop='height'>800<\/span>\n\t\t\t\t\t\t<span itemprop='width'>800<\/span>\n\t\t\t\t<\/span>\n\t\t\t\t<span class='av-structured-data'  itemprop=\"publisher\" itemtype=\"https:\/\/schema.org\/Organization\" itemscope=\"itemscope\" >\n\t\t\t\t\t\t<span itemprop='name'>Sophie<\/span>\n\t\t\t\t\t\t<span itemprop='logo' itemscope itemtype='https:\/\/schema.org\/ImageObject'>\n\t\t\t\t\t\t\t<span itemprop='url'>https:\/\/peterkammermann.ch\/wp-content\/uploads\/2025\/08\/bureau-etude-peter-kammermann-architecte-decorateur-interieur-geneve-carouge.png<\/span>\n\t\t\t\t\t\t<\/span>\n\t\t\t\t<\/span><span class='av-structured-data'  itemprop=\"author\" itemscope=\"itemscope\" itemtype=\"https:\/\/schema.org\/Person\" ><span itemprop='name'>Sophie<\/span><\/span><span class='av-structured-data'  itemprop=\"datePublished\" datetime=\"2025-06-24T17:11:25+00:00\" >2024-03-03 17:52:41<\/span><span class='av-structured-data'  itemprop=\"dateModified\" itemtype=\"https:\/\/schema.org\/dateModified\" >2026-01-28 11:27:51<\/span><span class='av-structured-data'  itemprop=\"mainEntityOfPage\" itemtype=\"https:\/\/schema.org\/mainEntityOfPage\" ><span itemprop='name'>Exhibition<\/span><\/span><\/span><\/article><\/div><div class=\"slide-entry-wrap\"><article class='slide-entry flex_column  post-entry post-entry-2054 slide-entry-overview slide-loop-5 slide-parity-odd  av_one_fourth first real-thumbnail posttype-post post-format-standard'  itemscope=\"itemscope\" itemtype=\"https:\/\/schema.org\/CreativeWork\" ><a href='https:\/\/peterkammermann.ch\/en\/exhibition-3\/' data-rel='slide-1' class='slide-image' title='Exhibition'><img decoding=\"async\" loading=\"lazy\" width=\"1030\" height=\"1030\" src=\"https:\/\/peterkammermann.ch\/wp-content\/uploads\/2025\/07\/peter-kammermann-carouge-exposition-kaori-kurihara-ceramique-1030x1030.jpg\" class=\"wp-image-2052 avia-img-lazy-loading-2052 attachment-large size-large wp-post-image\" alt=\"peter-kammermann-geneva-carouge-exhibition-kaori-kurihara-ceramics\" srcset=\"https:\/\/peterkammermann.ch\/wp-content\/uploads\/2025\/07\/peter-kammermann-carouge-exposition-kaori-kurihara-ceramique-1030x1030.jpg 1030w, https:\/\/peterkammermann.ch\/wp-content\/uploads\/2025\/07\/peter-kammermann-carouge-exposition-kaori-kurihara-ceramique-300x300.jpg 300w, https:\/\/peterkammermann.ch\/wp-content\/uploads\/2025\/07\/peter-kammermann-carouge-exposition-kaori-kurihara-ceramique-80x80.jpg 80w, https:\/\/peterkammermann.ch\/wp-content\/uploads\/2025\/07\/peter-kammermann-carouge-exposition-kaori-kurihara-ceramique-768x768.jpg 768w, https:\/\/peterkammermann.ch\/wp-content\/uploads\/2025\/07\/peter-kammermann-carouge-exposition-kaori-kurihara-ceramique-36x36.jpg 36w, https:\/\/peterkammermann.ch\/wp-content\/uploads\/2025\/07\/peter-kammermann-carouge-exposition-kaori-kurihara-ceramique-180x180.jpg 180w, https:\/\/peterkammermann.ch\/wp-content\/uploads\/2025\/07\/peter-kammermann-carouge-exposition-kaori-kurihara-ceramique-705x705.jpg 705w, https:\/\/peterkammermann.ch\/wp-content\/uploads\/2025\/07\/peter-kammermann-carouge-exposition-kaori-kurihara-ceramique.jpg 1080w\" sizes=\"auto, (max-width: 1030px) 100vw, 1030px\" \/><\/a><div class=\"slide-content\"><header class=\"entry-content-header\" aria-label=\"Slide: Exhibition\"><h3 class='slide-entry-title entry-title '  itemprop=\"headline\" ><a href='https:\/\/peterkammermann.ch\/en\/exhibition-3\/' title='Exhibition'>Exhibition<\/a><\/h3><span class=\"av-vertical-delimiter\"><\/span><\/header><div class=\"slide-meta\"><time class='slide-meta-time updated'  itemprop=\"datePublished\" datetime=\"2023-09-15T09:01:53+00:00\" >September 15, 2023<\/time><div class=\"slide-meta-del\">\/<\/div><div class=\"slide-meta-comments\"><a href='https:\/\/peterkammermann.ch\/en\/exhibition-3\/#respond'>0 Comments<\/a><\/div><\/div><div class='slide-entry-excerpt entry-content'  itemprop=\"text\" >Kaori Kurihara<\/div><\/div><footer class=\"entry-footer\"><\/footer><span class='hidden'>\n\t\t\t\t<span class='av-structured-data'  itemprop=\"image\" itemscope=\"itemscope\" itemtype=\"https:\/\/schema.org\/ImageObject\" >\n\t\t\t\t\t\t<span itemprop='url'>https:\/\/peterkammermann.ch\/wp-content\/uploads\/2025\/07\/peter-kammermann-carouge-exposition-kaori-kurihara-ceramique.jpg<\/span>\n\t\t\t\t\t\t<span itemprop='height'>1080<\/span>\n\t\t\t\t\t\t<span itemprop='width'>1080<\/span>\n\t\t\t\t<\/span>\n\t\t\t\t<span class='av-structured-data'  itemprop=\"publisher\" itemtype=\"https:\/\/schema.org\/Organization\" itemscope=\"itemscope\" >\n\t\t\t\t\t\t<span itemprop='name'>Sophie<\/span>\n\t\t\t\t\t\t<span itemprop='logo' itemscope itemtype='https:\/\/schema.org\/ImageObject'>\n\t\t\t\t\t\t\t<span itemprop='url'>https:\/\/peterkammermann.ch\/wp-content\/uploads\/2025\/08\/bureau-etude-peter-kammermann-architecte-decorateur-interieur-geneve-carouge.png<\/span>\n\t\t\t\t\t\t<\/span>\n\t\t\t\t<\/span><span class='av-structured-data'  itemprop=\"author\" itemscope=\"itemscope\" itemtype=\"https:\/\/schema.org\/Person\" ><span itemprop='name'>Sophie<\/span><\/span><span class='av-structured-data'  itemprop=\"datePublished\" datetime=\"2025-06-24T17:11:25+00:00\" >2023-09-15 09:01:53<\/span><span class='av-structured-data'  itemprop=\"dateModified\" itemtype=\"https:\/\/schema.org\/dateModified\" >2026-01-28 11:00:23<\/span><span class='av-structured-data'  itemprop=\"mainEntityOfPage\" itemtype=\"https:\/\/schema.org\/mainEntityOfPage\" ><span itemprop='name'>Exhibition<\/span><\/span><\/span><\/article><article class='slide-entry flex_column  post-entry post-entry-2061 slide-entry-overview slide-loop-6 slide-parity-even  av_one_fourth  real-thumbnail posttype-post post-format-standard'  itemscope=\"itemscope\" itemtype=\"https:\/\/schema.org\/CreativeWork\" ><a href='https:\/\/peterkammermann.ch\/en\/savoir-faire\/' data-rel='slide-1' class='slide-image' title='Savoir-faire'><img decoding=\"async\" loading=\"lazy\" width=\"881\" height=\"881\" src=\"https:\/\/peterkammermann.ch\/wp-content\/uploads\/2025\/07\/pagne-ghana-1940-peter-kammermann-galerie-textile-antique-geneve-1.jpg\" class=\"wp-image-2060 avia-img-lazy-loading-2060 attachment-large size-large wp-post-image\" alt=\"kita-cloths-ghana-1940-peter-kammermann-gallery-textile-antique-geneva\" srcset=\"https:\/\/peterkammermann.ch\/wp-content\/uploads\/2025\/07\/pagne-ghana-1940-peter-kammermann-galerie-textile-antique-geneve-1.jpg 881w, https:\/\/peterkammermann.ch\/wp-content\/uploads\/2025\/07\/pagne-ghana-1940-peter-kammermann-galerie-textile-antique-geneve-1-300x300.jpg 300w, https:\/\/peterkammermann.ch\/wp-content\/uploads\/2025\/07\/pagne-ghana-1940-peter-kammermann-galerie-textile-antique-geneve-1-80x80.jpg 80w, https:\/\/peterkammermann.ch\/wp-content\/uploads\/2025\/07\/pagne-ghana-1940-peter-kammermann-galerie-textile-antique-geneve-1-768x768.jpg 768w, https:\/\/peterkammermann.ch\/wp-content\/uploads\/2025\/07\/pagne-ghana-1940-peter-kammermann-galerie-textile-antique-geneve-1-36x36.jpg 36w, https:\/\/peterkammermann.ch\/wp-content\/uploads\/2025\/07\/pagne-ghana-1940-peter-kammermann-galerie-textile-antique-geneve-1-180x180.jpg 180w, https:\/\/peterkammermann.ch\/wp-content\/uploads\/2025\/07\/pagne-ghana-1940-peter-kammermann-galerie-textile-antique-geneve-1-705x705.jpg 705w\" sizes=\"auto, (max-width: 881px) 100vw, 881px\" \/><\/a><div class=\"slide-content\"><header class=\"entry-content-header\" aria-label=\"Slide: Savoir-faire\"><h3 class='slide-entry-title entry-title '  itemprop=\"headline\" ><a href='https:\/\/peterkammermann.ch\/en\/savoir-faire\/' title='Savoir-faire'>Savoir-faire<\/a><\/h3><span class=\"av-vertical-delimiter\"><\/span><\/header><div class=\"slide-meta\"><time class='slide-meta-time updated'  itemprop=\"datePublished\" datetime=\"2023-03-01T12:14:28+00:00\" >March 1, 2023<\/time><div class=\"slide-meta-del\">\/<\/div><div class=\"slide-meta-comments\"><a href='https:\/\/peterkammermann.ch\/en\/savoir-faire\/#respond'>0 Comments<\/a><\/div><\/div><div class='slide-entry-excerpt entry-content'  itemprop=\"text\" >Ewe weaving \/ kita cloths<\/div><\/div><footer class=\"entry-footer\"><\/footer><span class='hidden'>\n\t\t\t\t<span class='av-structured-data'  itemprop=\"image\" itemscope=\"itemscope\" itemtype=\"https:\/\/schema.org\/ImageObject\" >\n\t\t\t\t\t\t<span itemprop='url'>https:\/\/peterkammermann.ch\/wp-content\/uploads\/2025\/07\/pagne-ghana-1940-peter-kammermann-galerie-textile-antique-geneve-1.jpg<\/span>\n\t\t\t\t\t\t<span itemprop='height'>881<\/span>\n\t\t\t\t\t\t<span itemprop='width'>881<\/span>\n\t\t\t\t<\/span>\n\t\t\t\t<span class='av-structured-data'  itemprop=\"publisher\" itemtype=\"https:\/\/schema.org\/Organization\" itemscope=\"itemscope\" >\n\t\t\t\t\t\t<span itemprop='name'>Sophie<\/span>\n\t\t\t\t\t\t<span itemprop='logo' itemscope itemtype='https:\/\/schema.org\/ImageObject'>\n\t\t\t\t\t\t\t<span itemprop='url'>https:\/\/peterkammermann.ch\/wp-content\/uploads\/2025\/08\/bureau-etude-peter-kammermann-architecte-decorateur-interieur-geneve-carouge.png<\/span>\n\t\t\t\t\t\t<\/span>\n\t\t\t\t<\/span><span class='av-structured-data'  itemprop=\"author\" itemscope=\"itemscope\" itemtype=\"https:\/\/schema.org\/Person\" ><span itemprop='name'>Sophie<\/span><\/span><span class='av-structured-data'  itemprop=\"datePublished\" datetime=\"2025-06-24T17:11:25+00:00\" >2023-03-01 12:14:28<\/span><span class='av-structured-data'  itemprop=\"dateModified\" itemtype=\"https:\/\/schema.org\/dateModified\" >2026-01-28 11:06:30<\/span><span class='av-structured-data'  itemprop=\"mainEntityOfPage\" itemtype=\"https:\/\/schema.org\/mainEntityOfPage\" ><span itemprop='name'>Savoir-faire<\/span><\/span><\/span><\/article><article class='slide-entry flex_column  post-entry post-entry-2073 slide-entry-overview slide-loop-7 slide-parity-odd  av_one_fourth  real-thumbnail posttype-post post-format-standard'  itemscope=\"itemscope\" itemtype=\"https:\/\/schema.org\/CreativeWork\" ><a href='https:\/\/peterkammermann.ch\/en\/press-2\/' data-rel='slide-1' class='slide-image' title='Press'><img decoding=\"async\" loading=\"lazy\" width=\"1030\" height=\"1030\" src=\"https:\/\/peterkammermann.ch\/wp-content\/uploads\/2022\/10\/article-loft-geneve-espaces-contemporains-octobre-2019-peter-kammermann-decoratueur-geneve-1030x1030.jpg\" class=\"wp-image-2072 avia-img-lazy-loading-2072 attachment-large size-large wp-post-image\" alt=\"article-loft-geneva-espacea-contemporains-october-2019-peter-kammermann-interior-designer-geneva\" srcset=\"https:\/\/peterkammermann.ch\/wp-content\/uploads\/2022\/10\/article-loft-geneve-espaces-contemporains-octobre-2019-peter-kammermann-decoratueur-geneve-1030x1030.jpg 1030w, https:\/\/peterkammermann.ch\/wp-content\/uploads\/2022\/10\/article-loft-geneve-espaces-contemporains-octobre-2019-peter-kammermann-decoratueur-geneve-300x300.jpg 300w, https:\/\/peterkammermann.ch\/wp-content\/uploads\/2022\/10\/article-loft-geneve-espaces-contemporains-octobre-2019-peter-kammermann-decoratueur-geneve-80x80.jpg 80w, https:\/\/peterkammermann.ch\/wp-content\/uploads\/2022\/10\/article-loft-geneve-espaces-contemporains-octobre-2019-peter-kammermann-decoratueur-geneve-768x768.jpg 768w, https:\/\/peterkammermann.ch\/wp-content\/uploads\/2022\/10\/article-loft-geneve-espaces-contemporains-octobre-2019-peter-kammermann-decoratueur-geneve-36x36.jpg 36w, https:\/\/peterkammermann.ch\/wp-content\/uploads\/2022\/10\/article-loft-geneve-espaces-contemporains-octobre-2019-peter-kammermann-decoratueur-geneve-180x180.jpg 180w, https:\/\/peterkammermann.ch\/wp-content\/uploads\/2022\/10\/article-loft-geneve-espaces-contemporains-octobre-2019-peter-kammermann-decoratueur-geneve-705x705.jpg 705w, https:\/\/peterkammermann.ch\/wp-content\/uploads\/2022\/10\/article-loft-geneve-espaces-contemporains-octobre-2019-peter-kammermann-decoratueur-geneve.jpg 1250w\" sizes=\"auto, (max-width: 1030px) 100vw, 1030px\" \/><\/a><div class=\"slide-content\"><header class=\"entry-content-header\" aria-label=\"Slide: Press\"><h3 class='slide-entry-title entry-title '  itemprop=\"headline\" ><a href='https:\/\/peterkammermann.ch\/en\/press-2\/' title='Press'>Press<\/a><\/h3><span class=\"av-vertical-delimiter\"><\/span><\/header><div class=\"slide-meta\"><time class='slide-meta-time updated'  itemprop=\"datePublished\" datetime=\"2022-10-06T15:27:48+00:00\" >October 6, 2022<\/time><div class=\"slide-meta-del\">\/<\/div><div class=\"slide-meta-comments\"><a href='https:\/\/peterkammermann.ch\/en\/press-2\/#respond'>0 Comments<\/a><\/div><\/div><div class='slide-entry-excerpt entry-content'  itemprop=\"text\" >Loft in Geneva - Espaces contemporains<\/div><\/div><footer class=\"entry-footer\"><\/footer><span class='hidden'>\n\t\t\t\t<span class='av-structured-data'  itemprop=\"image\" itemscope=\"itemscope\" itemtype=\"https:\/\/schema.org\/ImageObject\" >\n\t\t\t\t\t\t<span itemprop='url'>https:\/\/peterkammermann.ch\/wp-content\/uploads\/2022\/10\/article-loft-geneve-espaces-contemporains-octobre-2019-peter-kammermann-decoratueur-geneve.jpg<\/span>\n\t\t\t\t\t\t<span itemprop='height'>1250<\/span>\n\t\t\t\t\t\t<span itemprop='width'>1250<\/span>\n\t\t\t\t<\/span>\n\t\t\t\t<span class='av-structured-data'  itemprop=\"publisher\" itemtype=\"https:\/\/schema.org\/Organization\" itemscope=\"itemscope\" >\n\t\t\t\t\t\t<span itemprop='name'>Sophie<\/span>\n\t\t\t\t\t\t<span itemprop='logo' itemscope itemtype='https:\/\/schema.org\/ImageObject'>\n\t\t\t\t\t\t\t<span itemprop='url'>https:\/\/peterkammermann.ch\/wp-content\/uploads\/2025\/08\/bureau-etude-peter-kammermann-architecte-decorateur-interieur-geneve-carouge.png<\/span>\n\t\t\t\t\t\t<\/span>\n\t\t\t\t<\/span><span class='av-structured-data'  itemprop=\"author\" itemscope=\"itemscope\" itemtype=\"https:\/\/schema.org\/Person\" ><span itemprop='name'>Sophie<\/span><\/span><span class='av-structured-data'  itemprop=\"datePublished\" datetime=\"2025-06-24T17:11:25+00:00\" >2022-10-06 15:27:48<\/span><span class='av-structured-data'  itemprop=\"dateModified\" itemtype=\"https:\/\/schema.org\/dateModified\" >2026-01-28 11:17:52<\/span><span class='av-structured-data'  itemprop=\"mainEntityOfPage\" itemtype=\"https:\/\/schema.org\/mainEntityOfPage\" ><span itemprop='name'>Press<\/span><\/span><\/span><\/article><article class='slide-entry flex_column  post-entry post-entry-2081 slide-entry-overview slide-loop-8 slide-parity-even  av_one_fourth  real-thumbnail posttype-post post-format-standard'  itemscope=\"itemscope\" itemtype=\"https:\/\/schema.org\/CreativeWork\" ><a href='https:\/\/peterkammermann.ch\/en\/exhibition-4\/' data-rel='slide-1' class='slide-image' title='Exhibition'><img decoding=\"async\" loading=\"lazy\" width=\"1030\" height=\"1030\" src=\"https:\/\/peterkammermann.ch\/wp-content\/uploads\/2022\/09\/peter-kammermann-parcours-ceramique-carougeois-2022-exposition-emmanuel-boos-1030x1030.jpg\" class=\"wp-image-2080 avia-img-lazy-loading-2080 attachment-large size-large wp-post-image\" alt=\"peter-kammermann-parcours-ceramique-carougeois-2022-emmanuel-boos-ceramics-exhibition-geneva\" srcset=\"https:\/\/peterkammermann.ch\/wp-content\/uploads\/2022\/09\/peter-kammermann-parcours-ceramique-carougeois-2022-exposition-emmanuel-boos-1030x1030.jpg 1030w, https:\/\/peterkammermann.ch\/wp-content\/uploads\/2022\/09\/peter-kammermann-parcours-ceramique-carougeois-2022-exposition-emmanuel-boos-300x300.jpg 300w, https:\/\/peterkammermann.ch\/wp-content\/uploads\/2022\/09\/peter-kammermann-parcours-ceramique-carougeois-2022-exposition-emmanuel-boos-80x80.jpg 80w, https:\/\/peterkammermann.ch\/wp-content\/uploads\/2022\/09\/peter-kammermann-parcours-ceramique-carougeois-2022-exposition-emmanuel-boos-768x768.jpg 768w, https:\/\/peterkammermann.ch\/wp-content\/uploads\/2022\/09\/peter-kammermann-parcours-ceramique-carougeois-2022-exposition-emmanuel-boos-1536x1536.jpg 1536w, https:\/\/peterkammermann.ch\/wp-content\/uploads\/2022\/09\/peter-kammermann-parcours-ceramique-carougeois-2022-exposition-emmanuel-boos-36x36.jpg 36w, https:\/\/peterkammermann.ch\/wp-content\/uploads\/2022\/09\/peter-kammermann-parcours-ceramique-carougeois-2022-exposition-emmanuel-boos-180x180.jpg 180w, https:\/\/peterkammermann.ch\/wp-content\/uploads\/2022\/09\/peter-kammermann-parcours-ceramique-carougeois-2022-exposition-emmanuel-boos-1500x1500.jpg 1500w, https:\/\/peterkammermann.ch\/wp-content\/uploads\/2022\/09\/peter-kammermann-parcours-ceramique-carougeois-2022-exposition-emmanuel-boos-705x705.jpg 705w, https:\/\/peterkammermann.ch\/wp-content\/uploads\/2022\/09\/peter-kammermann-parcours-ceramique-carougeois-2022-exposition-emmanuel-boos.jpg 1644w\" sizes=\"auto, (max-width: 1030px) 100vw, 1030px\" \/><\/a><div class=\"slide-content\"><header class=\"entry-content-header\" aria-label=\"Slide: Exhibition\"><h3 class='slide-entry-title entry-title '  itemprop=\"headline\" ><a href='https:\/\/peterkammermann.ch\/en\/exhibition-4\/' title='Exhibition'>Exhibition<\/a><\/h3><span class=\"av-vertical-delimiter\"><\/span><\/header><div class=\"slide-meta\"><time class='slide-meta-time updated'  itemprop=\"datePublished\" datetime=\"2022-09-17T13:59:32+00:00\" >September 17, 2022<\/time><div class=\"slide-meta-del\">\/<\/div><div class=\"slide-meta-comments\"><a href='https:\/\/peterkammermann.ch\/en\/exhibition-4\/#respond'>0 Comments<\/a><\/div><\/div><div class='slide-entry-excerpt entry-content'  itemprop=\"text\" >Emmanuel Boos - 17th Parcours C\u00e9ramique Carougeois<\/div><\/div><footer class=\"entry-footer\"><\/footer><span class='hidden'>\n\t\t\t\t<span class='av-structured-data'  itemprop=\"image\" itemscope=\"itemscope\" itemtype=\"https:\/\/schema.org\/ImageObject\" >\n\t\t\t\t\t\t<span itemprop='url'>https:\/\/peterkammermann.ch\/wp-content\/uploads\/2022\/09\/peter-kammermann-parcours-ceramique-carougeois-2022-exposition-emmanuel-boos.jpg<\/span>\n\t\t\t\t\t\t<span itemprop='height'>1644<\/span>\n\t\t\t\t\t\t<span itemprop='width'>1644<\/span>\n\t\t\t\t<\/span>\n\t\t\t\t<span class='av-structured-data'  itemprop=\"publisher\" itemtype=\"https:\/\/schema.org\/Organization\" itemscope=\"itemscope\" >\n\t\t\t\t\t\t<span itemprop='name'>Sophie<\/span>\n\t\t\t\t\t\t<span itemprop='logo' itemscope itemtype='https:\/\/schema.org\/ImageObject'>\n\t\t\t\t\t\t\t<span itemprop='url'>https:\/\/peterkammermann.ch\/wp-content\/uploads\/2025\/08\/bureau-etude-peter-kammermann-architecte-decorateur-interieur-geneve-carouge.png<\/span>\n\t\t\t\t\t\t<\/span>\n\t\t\t\t<\/span><span class='av-structured-data'  itemprop=\"author\" itemscope=\"itemscope\" itemtype=\"https:\/\/schema.org\/Person\" ><span itemprop='name'>Sophie<\/span><\/span><span class='av-structured-data'  itemprop=\"datePublished\" datetime=\"2025-06-24T17:11:25+00:00\" >2022-09-17 13:59:32<\/span><span class='av-structured-data'  itemprop=\"dateModified\" itemtype=\"https:\/\/schema.org\/dateModified\" >2026-01-28 11:27:06<\/span><span class='av-structured-data'  itemprop=\"mainEntityOfPage\" itemtype=\"https:\/\/schema.org\/mainEntityOfPage\" ><span itemprop='name'>Exhibition<\/span><\/span><\/span><\/article><\/div><div class=\"slide-entry-wrap\"><article class='slide-entry flex_column  post-entry post-entry-2069 slide-entry-overview slide-loop-9 slide-parity-odd  av_one_fourth first real-thumbnail posttype-post post-format-standard'  itemscope=\"itemscope\" itemtype=\"https:\/\/schema.org\/CreativeWork\" ><a href='https:\/\/peterkammermann.ch\/en\/press\/' data-rel='slide-1' class='slide-image' title='Press'><img decoding=\"async\" loading=\"lazy\" width=\"1024\" height=\"1024\" src=\"https:\/\/peterkammermann.ch\/wp-content\/uploads\/2025\/07\/espaces-contemporains-decembre-2019-Peter-Kammermann-decorateur-interieur-geneve.jpg\" class=\"wp-image-2068 avia-img-lazy-loading-2068 attachment-large size-large wp-post-image\" alt=\"article-espaces-contemporains-december-2019-peter-kammermann-geneva\" srcset=\"https:\/\/peterkammermann.ch\/wp-content\/uploads\/2025\/07\/espaces-contemporains-decembre-2019-Peter-Kammermann-decorateur-interieur-geneve.jpg 1024w, https:\/\/peterkammermann.ch\/wp-content\/uploads\/2025\/07\/espaces-contemporains-decembre-2019-Peter-Kammermann-decorateur-interieur-geneve-300x300.jpg 300w, https:\/\/peterkammermann.ch\/wp-content\/uploads\/2025\/07\/espaces-contemporains-decembre-2019-Peter-Kammermann-decorateur-interieur-geneve-80x80.jpg 80w, https:\/\/peterkammermann.ch\/wp-content\/uploads\/2025\/07\/espaces-contemporains-decembre-2019-Peter-Kammermann-decorateur-interieur-geneve-768x768.jpg 768w, https:\/\/peterkammermann.ch\/wp-content\/uploads\/2025\/07\/espaces-contemporains-decembre-2019-Peter-Kammermann-decorateur-interieur-geneve-36x36.jpg 36w, https:\/\/peterkammermann.ch\/wp-content\/uploads\/2025\/07\/espaces-contemporains-decembre-2019-Peter-Kammermann-decorateur-interieur-geneve-180x180.jpg 180w, https:\/\/peterkammermann.ch\/wp-content\/uploads\/2025\/07\/espaces-contemporains-decembre-2019-Peter-Kammermann-decorateur-interieur-geneve-705x705.jpg 705w\" sizes=\"auto, (max-width: 1024px) 100vw, 1024px\" \/><\/a><div class=\"slide-content\"><header class=\"entry-content-header\" aria-label=\"Slide: Press\"><h3 class='slide-entry-title entry-title '  itemprop=\"headline\" ><a href='https:\/\/peterkammermann.ch\/en\/press\/' title='Press'>Press<\/a><\/h3><span class=\"av-vertical-delimiter\"><\/span><\/header><div class=\"slide-meta\"><time class='slide-meta-time updated'  itemprop=\"datePublished\" datetime=\"2019-12-10T14:35:26+00:00\" >December 10, 2019<\/time><div class=\"slide-meta-del\">\/<\/div><div class=\"slide-meta-comments\"><a href='https:\/\/peterkammermann.ch\/en\/press\/#respond'>0 Comments<\/a><\/div><\/div><div class='slide-entry-excerpt entry-content'  itemprop=\"text\" >Profile - Espaces contemporains<\/div><\/div><footer class=\"entry-footer\"><\/footer><span class='hidden'>\n\t\t\t\t<span class='av-structured-data'  itemprop=\"image\" itemscope=\"itemscope\" itemtype=\"https:\/\/schema.org\/ImageObject\" >\n\t\t\t\t\t\t<span itemprop='url'>https:\/\/peterkammermann.ch\/wp-content\/uploads\/2025\/07\/espaces-contemporains-decembre-2019-Peter-Kammermann-decorateur-interieur-geneve.jpg<\/span>\n\t\t\t\t\t\t<span itemprop='height'>1024<\/span>\n\t\t\t\t\t\t<span itemprop='width'>1024<\/span>\n\t\t\t\t<\/span>\n\t\t\t\t<span class='av-structured-data'  itemprop=\"publisher\" itemtype=\"https:\/\/schema.org\/Organization\" itemscope=\"itemscope\" >\n\t\t\t\t\t\t<span itemprop='name'>Sophie<\/span>\n\t\t\t\t\t\t<span itemprop='logo' itemscope itemtype='https:\/\/schema.org\/ImageObject'>\n\t\t\t\t\t\t\t<span itemprop='url'>https:\/\/peterkammermann.ch\/wp-content\/uploads\/2025\/08\/bureau-etude-peter-kammermann-architecte-decorateur-interieur-geneve-carouge.png<\/span>\n\t\t\t\t\t\t<\/span>\n\t\t\t\t<\/span><span class='av-structured-data'  itemprop=\"author\" itemscope=\"itemscope\" itemtype=\"https:\/\/schema.org\/Person\" ><span itemprop='name'>Sophie<\/span><\/span><span class='av-structured-data'  itemprop=\"datePublished\" datetime=\"2025-06-24T17:11:25+00:00\" >2019-12-10 14:35:26<\/span><span class='av-structured-data'  itemprop=\"dateModified\" itemtype=\"https:\/\/schema.org\/dateModified\" >2026-01-28 11:13:47<\/span><span class='av-structured-data'  itemprop=\"mainEntityOfPage\" itemtype=\"https:\/\/schema.org\/mainEntityOfPage\" ><span itemprop='name'>Press<\/span><\/span><\/span><\/article><article class='slide-entry flex_column  post-entry post-entry-2095 slide-entry-overview slide-loop-10 slide-parity-even  av_one_fourth  real-thumbnail posttype-post post-format-standard'  itemscope=\"itemscope\" itemtype=\"https:\/\/schema.org\/CreativeWork\" ><a href='https:\/\/peterkammermann.ch\/en\/exhibition-5\/' data-rel='slide-1' class='slide-image' title='Exhibition'><img decoding=\"async\" loading=\"lazy\" width=\"731\" height=\"731\" src=\"https:\/\/peterkammermann.ch\/wp-content\/uploads\/2025\/07\/exposition-matthew-warner-parcours-ceramique-carougeois-Peter-Kammermann-geneve.jpg\" class=\"wp-image-2094 avia-img-lazy-loading-2094 attachment-large size-large wp-post-image\" alt=\"exhibition-matthew-warner-parcours-ceramique-carougeois-Peter-Kammermann-geneva-carouge\" srcset=\"https:\/\/peterkammermann.ch\/wp-content\/uploads\/2025\/07\/exposition-matthew-warner-parcours-ceramique-carougeois-Peter-Kammermann-geneve.jpg 731w, https:\/\/peterkammermann.ch\/wp-content\/uploads\/2025\/07\/exposition-matthew-warner-parcours-ceramique-carougeois-Peter-Kammermann-geneve-300x300.jpg 300w, https:\/\/peterkammermann.ch\/wp-content\/uploads\/2025\/07\/exposition-matthew-warner-parcours-ceramique-carougeois-Peter-Kammermann-geneve-80x80.jpg 80w, https:\/\/peterkammermann.ch\/wp-content\/uploads\/2025\/07\/exposition-matthew-warner-parcours-ceramique-carougeois-Peter-Kammermann-geneve-36x36.jpg 36w, https:\/\/peterkammermann.ch\/wp-content\/uploads\/2025\/07\/exposition-matthew-warner-parcours-ceramique-carougeois-Peter-Kammermann-geneve-180x180.jpg 180w, https:\/\/peterkammermann.ch\/wp-content\/uploads\/2025\/07\/exposition-matthew-warner-parcours-ceramique-carougeois-Peter-Kammermann-geneve-705x705.jpg 705w\" sizes=\"auto, (max-width: 731px) 100vw, 731px\" \/><\/a><div class=\"slide-content\"><header class=\"entry-content-header\" aria-label=\"Slide: Exhibition\"><h3 class='slide-entry-title entry-title '  itemprop=\"headline\" ><a href='https:\/\/peterkammermann.ch\/en\/exhibition-5\/' title='Exhibition'>Exhibition<\/a><\/h3><span class=\"av-vertical-delimiter\"><\/span><\/header><div class=\"slide-meta\"><time class='slide-meta-time updated'  itemprop=\"datePublished\" datetime=\"2019-09-28T15:04:22+00:00\" >September 28, 2019<\/time><div class=\"slide-meta-del\">\/<\/div><div class=\"slide-meta-comments\"><a href='https:\/\/peterkammermann.ch\/en\/exhibition-5\/#respond'>0 Comments<\/a><\/div><\/div><div class='slide-entry-excerpt entry-content'  itemprop=\"text\" >Matthew Warner \u2013 16th Parcours c\u00e9ramique carougeois<\/div><\/div><footer class=\"entry-footer\"><\/footer><span class='hidden'>\n\t\t\t\t<span class='av-structured-data'  itemprop=\"image\" itemscope=\"itemscope\" itemtype=\"https:\/\/schema.org\/ImageObject\" >\n\t\t\t\t\t\t<span itemprop='url'>https:\/\/peterkammermann.ch\/wp-content\/uploads\/2025\/07\/exposition-matthew-warner-parcours-ceramique-carougeois-Peter-Kammermann-geneve.jpg<\/span>\n\t\t\t\t\t\t<span itemprop='height'>731<\/span>\n\t\t\t\t\t\t<span itemprop='width'>731<\/span>\n\t\t\t\t<\/span>\n\t\t\t\t<span class='av-structured-data'  itemprop=\"publisher\" itemtype=\"https:\/\/schema.org\/Organization\" itemscope=\"itemscope\" >\n\t\t\t\t\t\t<span itemprop='name'>Sophie<\/span>\n\t\t\t\t\t\t<span itemprop='logo' itemscope itemtype='https:\/\/schema.org\/ImageObject'>\n\t\t\t\t\t\t\t<span itemprop='url'>https:\/\/peterkammermann.ch\/wp-content\/uploads\/2025\/08\/bureau-etude-peter-kammermann-architecte-decorateur-interieur-geneve-carouge.png<\/span>\n\t\t\t\t\t\t<\/span>\n\t\t\t\t<\/span><span class='av-structured-data'  itemprop=\"author\" itemscope=\"itemscope\" itemtype=\"https:\/\/schema.org\/Person\" ><span itemprop='name'>Sophie<\/span><\/span><span class='av-structured-data'  itemprop=\"datePublished\" datetime=\"2025-06-24T17:11:25+00:00\" >2019-09-28 15:04:22<\/span><span class='av-structured-data'  itemprop=\"dateModified\" itemtype=\"https:\/\/schema.org\/dateModified\" >2026-01-28 11:32:18<\/span><span class='av-structured-data'  itemprop=\"mainEntityOfPage\" itemtype=\"https:\/\/schema.org\/mainEntityOfPage\" ><span itemprop='name'>Exhibition<\/span><\/span><\/span><\/article><article class='slide-entry flex_column  post-entry post-entry-2105 slide-entry-overview slide-loop-11 slide-parity-odd  av_one_fourth  real-thumbnail posttype-post post-format-standard'  itemscope=\"itemscope\" itemtype=\"https:\/\/schema.org\/CreativeWork\" ><a href='https:\/\/peterkammermann.ch\/en\/exhibition-6\/' data-rel='slide-1' class='slide-image' title='Exhibition'><img decoding=\"async\" loading=\"lazy\" width=\"1030\" height=\"1030\" src=\"https:\/\/peterkammermann.ch\/wp-content\/uploads\/2017\/09\/exposition-clement-brazille-ceramiste-peter-kammermann-decorateur-geneve-1030x1030.jpg\" class=\"wp-image-2104 avia-img-lazy-loading-2104 attachment-large size-large wp-post-image\" alt=\"exhibition-clement-brazille-ceramics-peter-kammermann-decorateur-geneva\" srcset=\"https:\/\/peterkammermann.ch\/wp-content\/uploads\/2017\/09\/exposition-clement-brazille-ceramiste-peter-kammermann-decorateur-geneve-1030x1030.jpg 1030w, https:\/\/peterkammermann.ch\/wp-content\/uploads\/2017\/09\/exposition-clement-brazille-ceramiste-peter-kammermann-decorateur-geneve-300x300.jpg 300w, https:\/\/peterkammermann.ch\/wp-content\/uploads\/2017\/09\/exposition-clement-brazille-ceramiste-peter-kammermann-decorateur-geneve-80x80.jpg 80w, https:\/\/peterkammermann.ch\/wp-content\/uploads\/2017\/09\/exposition-clement-brazille-ceramiste-peter-kammermann-decorateur-geneve-768x768.jpg 768w, https:\/\/peterkammermann.ch\/wp-content\/uploads\/2017\/09\/exposition-clement-brazille-ceramiste-peter-kammermann-decorateur-geneve-36x36.jpg 36w, https:\/\/peterkammermann.ch\/wp-content\/uploads\/2017\/09\/exposition-clement-brazille-ceramiste-peter-kammermann-decorateur-geneve-180x180.jpg 180w, https:\/\/peterkammermann.ch\/wp-content\/uploads\/2017\/09\/exposition-clement-brazille-ceramiste-peter-kammermann-decorateur-geneve-705x705.jpg 705w, https:\/\/peterkammermann.ch\/wp-content\/uploads\/2017\/09\/exposition-clement-brazille-ceramiste-peter-kammermann-decorateur-geneve.jpg 1250w\" sizes=\"auto, (max-width: 1030px) 100vw, 1030px\" \/><\/a><div class=\"slide-content\"><header class=\"entry-content-header\" aria-label=\"Slide: Exhibition\"><h3 class='slide-entry-title entry-title '  itemprop=\"headline\" ><a href='https:\/\/peterkammermann.ch\/en\/exhibition-6\/' title='Exhibition'>Exhibition<\/a><\/h3><span class=\"av-vertical-delimiter\"><\/span><\/header><div class=\"slide-meta\"><time class='slide-meta-time updated'  itemprop=\"datePublished\" datetime=\"2017-09-16T17:23:39+00:00\" >September 16, 2017<\/time><div class=\"slide-meta-del\">\/<\/div><div class=\"slide-meta-comments\"><a href='https:\/\/peterkammermann.ch\/en\/exhibition-6\/#respond'>0 Comments<\/a><\/div><\/div><div class='slide-entry-excerpt entry-content'  itemprop=\"text\" >Cl\u00e9ment Brazille \u201315th Parcours c\u00e9ramique carougeois<\/div><\/div><footer class=\"entry-footer\"><\/footer><span class='hidden'>\n\t\t\t\t<span class='av-structured-data'  itemprop=\"image\" itemscope=\"itemscope\" itemtype=\"https:\/\/schema.org\/ImageObject\" >\n\t\t\t\t\t\t<span itemprop='url'>https:\/\/peterkammermann.ch\/wp-content\/uploads\/2017\/09\/exposition-clement-brazille-ceramiste-peter-kammermann-decorateur-geneve.jpg<\/span>\n\t\t\t\t\t\t<span itemprop='height'>1250<\/span>\n\t\t\t\t\t\t<span itemprop='width'>1250<\/span>\n\t\t\t\t<\/span>\n\t\t\t\t<span class='av-structured-data'  itemprop=\"publisher\" itemtype=\"https:\/\/schema.org\/Organization\" itemscope=\"itemscope\" >\n\t\t\t\t\t\t<span itemprop='name'>Sophie<\/span>\n\t\t\t\t\t\t<span itemprop='logo' itemscope itemtype='https:\/\/schema.org\/ImageObject'>\n\t\t\t\t\t\t\t<span itemprop='url'>https:\/\/peterkammermann.ch\/wp-content\/uploads\/2025\/08\/bureau-etude-peter-kammermann-architecte-decorateur-interieur-geneve-carouge.png<\/span>\n\t\t\t\t\t\t<\/span>\n\t\t\t\t<\/span><span class='av-structured-data'  itemprop=\"author\" itemscope=\"itemscope\" itemtype=\"https:\/\/schema.org\/Person\" ><span itemprop='name'>Sophie<\/span><\/span><span class='av-structured-data'  itemprop=\"datePublished\" datetime=\"2025-06-24T17:11:25+00:00\" >2017-09-16 17:23:39<\/span><span class='av-structured-data'  itemprop=\"dateModified\" itemtype=\"https:\/\/schema.org\/dateModified\" >2026-01-28 11:39:57<\/span><span class='av-structured-data'  itemprop=\"mainEntityOfPage\" itemtype=\"https:\/\/schema.org\/mainEntityOfPage\" ><span itemprop='name'>Exhibition<\/span><\/span><\/span><\/article><article class='slide-entry flex_column  post-entry post-entry-2112 slide-entry-overview slide-loop-12 slide-parity-even  post-entry-last  av_one_fourth  real-thumbnail posttype-post post-format-standard'  itemscope=\"itemscope\" itemtype=\"https:\/\/schema.org\/CreativeWork\" ><a href='https:\/\/peterkammermann.ch\/en\/conference\/' data-rel='slide-1' class='slide-image' title='Conference'><img decoding=\"async\" loading=\"lazy\" width=\"1030\" height=\"1030\" src=\"https:\/\/peterkammermann.ch\/wp-content\/uploads\/2016\/09\/conferences-john-gillow-peter-kammermann-carouge-geneve-1030x1030.jpg\" class=\"wp-image-2111 avia-img-lazy-loading-2111 attachment-large size-large wp-post-image\" alt=\"conference-john-gillow-peter-kammermann-gallery-carouge-geneva\" srcset=\"https:\/\/peterkammermann.ch\/wp-content\/uploads\/2016\/09\/conferences-john-gillow-peter-kammermann-carouge-geneve-1030x1030.jpg 1030w, https:\/\/peterkammermann.ch\/wp-content\/uploads\/2016\/09\/conferences-john-gillow-peter-kammermann-carouge-geneve-300x300.jpg 300w, https:\/\/peterkammermann.ch\/wp-content\/uploads\/2016\/09\/conferences-john-gillow-peter-kammermann-carouge-geneve-80x80.jpg 80w, https:\/\/peterkammermann.ch\/wp-content\/uploads\/2016\/09\/conferences-john-gillow-peter-kammermann-carouge-geneve-768x768.jpg 768w, https:\/\/peterkammermann.ch\/wp-content\/uploads\/2016\/09\/conferences-john-gillow-peter-kammermann-carouge-geneve-36x36.jpg 36w, https:\/\/peterkammermann.ch\/wp-content\/uploads\/2016\/09\/conferences-john-gillow-peter-kammermann-carouge-geneve-180x180.jpg 180w, https:\/\/peterkammermann.ch\/wp-content\/uploads\/2016\/09\/conferences-john-gillow-peter-kammermann-carouge-geneve-705x705.jpg 705w, https:\/\/peterkammermann.ch\/wp-content\/uploads\/2016\/09\/conferences-john-gillow-peter-kammermann-carouge-geneve.jpg 1250w\" sizes=\"auto, (max-width: 1030px) 100vw, 1030px\" \/><\/a><div class=\"slide-content\"><header class=\"entry-content-header\" aria-label=\"Slide: Conference\"><h3 class='slide-entry-title entry-title '  itemprop=\"headline\" ><a href='https:\/\/peterkammermann.ch\/en\/conference\/' title='Conference'>Conference<\/a><\/h3><span class=\"av-vertical-delimiter\"><\/span><\/header><div class=\"slide-meta\"><time class='slide-meta-time updated'  itemprop=\"datePublished\" datetime=\"2016-09-16T17:44:48+00:00\" >September 16, 2016<\/time><div class=\"slide-meta-del\">\/<\/div><div class=\"slide-meta-comments\"><a href='https:\/\/peterkammermann.ch\/en\/conference\/#respond'>0 Comments<\/a><\/div><\/div><div class='slide-entry-excerpt entry-content'  itemprop=\"text\" >Introduction by John Gillow<\/div><\/div><footer class=\"entry-footer\"><\/footer><span class='hidden'>\n\t\t\t\t<span class='av-structured-data'  itemprop=\"image\" itemscope=\"itemscope\" itemtype=\"https:\/\/schema.org\/ImageObject\" >\n\t\t\t\t\t\t<span itemprop='url'>https:\/\/peterkammermann.ch\/wp-content\/uploads\/2016\/09\/conferences-john-gillow-peter-kammermann-carouge-geneve.jpg<\/span>\n\t\t\t\t\t\t<span itemprop='height'>1250<\/span>\n\t\t\t\t\t\t<span itemprop='width'>1250<\/span>\n\t\t\t\t<\/span>\n\t\t\t\t<span class='av-structured-data'  itemprop=\"publisher\" itemtype=\"https:\/\/schema.org\/Organization\" itemscope=\"itemscope\" >\n\t\t\t\t\t\t<span itemprop='name'>Sophie<\/span>\n\t\t\t\t\t\t<span itemprop='logo' itemscope itemtype='https:\/\/schema.org\/ImageObject'>\n\t\t\t\t\t\t\t<span itemprop='url'>https:\/\/peterkammermann.ch\/wp-content\/uploads\/2025\/08\/bureau-etude-peter-kammermann-architecte-decorateur-interieur-geneve-carouge.png<\/span>\n\t\t\t\t\t\t<\/span>\n\t\t\t\t<\/span><span class='av-structured-data'  itemprop=\"author\" itemscope=\"itemscope\" itemtype=\"https:\/\/schema.org\/Person\" ><span itemprop='name'>Sophie<\/span><\/span><span class='av-structured-data'  itemprop=\"datePublished\" datetime=\"2025-06-24T17:11:25+00:00\" >2016-09-16 17:44:48<\/span><span class='av-structured-data'  itemprop=\"dateModified\" itemtype=\"https:\/\/schema.org\/dateModified\" >2026-01-28 11:45:56<\/span><span class='av-structured-data'  itemprop=\"mainEntityOfPage\" itemtype=\"https:\/\/schema.org\/mainEntityOfPage\" ><span itemprop='name'>Conference<\/span><\/span><\/span><\/article><\/div><\/div><\/div><br \/>\n\n<style type=\"text\/css\" data-created_by=\"avia_inline_auto\" id=\"style-css-av-mcyxc2jr-118f16c16c6c270413c82bee8911154c\">\n#top .hr.hr-invisible.av-mcyxc2jr-118f16c16c6c270413c82bee8911154c{\nheight:50px;\n}\n<\/style>\n<div  class='hr av-mcyxc2jr-118f16c16c6c270413c82bee8911154c hr-invisible  avia-builder-el-3  el_after_av_blog  avia-builder-el-last '><span class='hr-inner '><span class=\"hr-inner-style\"><\/span><\/span><\/div><\/p>\n<\/div><\/div><\/div>\n","protected":false},"excerpt":{"rendered":"<p>Exposition des m\u00e9tiers d&#8217;art 2025<\/p>\n","protected":false},"author":2,"featured_media":0,"parent":0,"menu_order":0,"comment_status":"closed","ping_status":"closed","template":"","meta":{"footnotes":""},"class_list":["post-1847","page","type-page","status-publish","hentry"],"_links":{"self":[{"href":"https:\/\/peterkammermann.ch\/en\/wp-json\/wp\/v2\/pages\/1847","targetHints":{"allow":["GET"]}}],"collection":[{"href":"https:\/\/peterkammermann.ch\/en\/wp-json\/wp\/v2\/pages"}],"about":[{"href":"https:\/\/peterkammermann.ch\/en\/wp-json\/wp\/v2\/types\/page"}],"author":[{"embeddable":true,"href":"https:\/\/peterkammermann.ch\/en\/wp-json\/wp\/v2\/users\/2"}],"replies":[{"embeddable":true,"href":"https:\/\/peterkammermann.ch\/en\/wp-json\/wp\/v2\/comments?post=1847"}],"version-history":[{"count":1,"href":"https:\/\/peterkammermann.ch\/en\/wp-json\/wp\/v2\/pages\/1847\/revisions"}],"predecessor-version":[{"id":1848,"href":"https:\/\/peterkammermann.ch\/en\/wp-json\/wp\/v2\/pages\/1847\/revisions\/1848"}],"wp:attachment":[{"href":"https:\/\/peterkammermann.ch\/en\/wp-json\/wp\/v2\/media?parent=1847"}],"curies":[{"name":"wp","href":"https:\/\/api.w.org\/{rel}","templated":true}]}}